{"id":9,"date":"2025-10-22T11:14:29","date_gmt":"2025-10-22T11:14:29","guid":{"rendered":"https:\/\/ukladformalny.pl\/festiwal-reakcje\/?page_id=9"},"modified":"2025-11-20T15:57:22","modified_gmt":"2025-11-20T15:57:22","slug":"strona-glowna","status":"publish","type":"page","link":"https:\/\/ukladformalny.pl\/festiwal-reakcje\/","title":{"rendered":"Strona g\u0142\u00f3wna"},"content":{"rendered":"[vc_row full_width=&#8221;stretch_row_content_no_spaces&#8221; full_height=&#8221;yes&#8221; columns_placement=&#8221;top&#8221; equal_height=&#8221;yes&#8221; css=&#8221;.vc_custom_1761924021456{margin-top: 0px !important;margin-right: 0px !important;margin-bottom: 0px !important;margin-left: 0px !important;padding-top: 0px !important;padding-right: 0px !important;padding-bottom: 0px !important;padding-left: 0px !important;background-image: url(https:\/\/ukladformalny.pl\/festiwal-reakcje\/wp-content\/uploads\/2025\/10\/Baner-Header.jpg?id=105) !important;background-position: center !important;background-repeat: no-repeat !important;background-size: cover !important;}&#8221; el_class=&#8221;main-video&#8221;][vc_column css=&#8221;.vc_custom_1761923807938{margin-top: 0px !important;margin-right: 0px !important;margin-bottom: 0px !important;margin-left: 0px !important;padding-top: 0px !important;padding-right: 0px !important;padding-bottom: 0px !important;padding-left: 0px !important;}&#8221;][vc_raw_html css=&#8221;.vc_custom_1761924550585{margin-bottom: 0px !important;}&#8221;]JTNDaWZyYW1lJTBBJTIwJTIwc3JjJTNEJTIyaHR0cHMlM0ElMkYlMkZ3d3cueW91dHViZS5jb20lMkZlbWJlZCUyRmtNMG80QnV3QlYwJTNGYXV0b3BsYXklM0QxJTI2bXV0ZSUzRDElMjZsb29wJTNEMSUyNnBsYXlsaXN0JTNEa00wbzRCdXdCVjAlMjZjb250cm9scyUzRDAlMjZzaG93aW5mbyUzRDAlMjZtb2Rlc3RicmFuZGluZyUzRDElMjZyZWwlM0QwJTI2ZGlzYWJsZWtiJTNEMSUyNmZzJTNEMCUyMiUwQSUyMCUyMHRpdGxlJTNEJTIyWW91VHViZSUyMHZpZGVvJTIwYmFja2dyb3VuZCUyMiUwQSUyMCUyMGZyYW1lYm9yZGVyJTNEJTIyMCUyMiUwQSUyMCUyMGFsbG93JTNEJTIyYXV0b3BsYXklM0IlMjBlbmNyeXB0ZWQtbWVkaWElMjIlMEElMjAlMjBhbGxvd2Z1bGxzY3JlZW4lM0UlMEElM0MlMkZpZnJhbWUlM0U=[\/vc_raw_html][vc_column_text css=&#8221;.vc_custom_1761927291774{margin-bottom: -20px !important;}&#8221; el_class=&#8221;z-100&#8243;][\/vc_column_text][\/vc_column][\/vc_row][vc_row css=&#8221;.vc_custom_1761215956921{padding-top: 30px !important;padding-bottom: 30px !important;}&#8221; el_id=&#8221;program&#8221;][vc_column]\t\t<div class=\"wcs-timetable__wrapper\">\n\t\t\t<div class=\"wcs-vue\" id=\"wcs-app-1\"><\/div>\n\t\t<\/div>\n\t\t[\/vc_column][\/vc_row][vc_row css=&#8221;.vc_custom_1762255386700{padding-top: 30px !important;padding-bottom: 30px !important;}&#8221; el_id=&#8221;klub_festiwalowy&#8221;][vc_column]\t\t<div class=\"wcs-timetable__wrapper\">\n\t\t\t<div class=\"wcs-vue\" id=\"wcs-app-2\"><\/div>\n\t\t<\/div>\n\t\t[\/vc_column][\/vc_row][vc_row css=&#8221;.vc_custom_1761921256338{margin-top: 0px !important;margin-bottom: 0px !important;padding-top: 0px !important;padding-bottom: 0px !important;background-color: #c73529 !important;}&#8221; el_id=&#8221;festiwal&#8221;][vc_column css=&#8221;.vc_custom_1761921177879{padding-top: 0px !important;padding-right: 0px !important;padding-bottom: 0px !important;padding-left: 0px !important;}&#8221;][vc_single_image image=&#8221;250&#8243; img_size=&#8221;409&#215;150&#8243; el_class=&#8221;o-nas-bcg&#8221; css=&#8221;.vc_custom_1761203020047{margin-bottom: 0px !important;padding-top: 40px !important;padding-right: 40px !important;padding-bottom: 40px !important;padding-left: 40px !important;}&#8221;][vc_row_inner content_placement=&#8221;middle&#8221; css=&#8221;.vc_custom_1761921321499{margin-top: 60px !important;padding-top: 0px !important;padding-right: 20px !important;padding-bottom: 0px !important;padding-left: 20px !important;}&#8221;][vc_column_inner width=&#8221;1\/2&#8243;][vc_column_text el_class=&#8221;white-text&#8221; css=&#8221;.vc_custom_1763654238572{padding-top: 20px !important;padding-right: 20px !important;padding-bottom: 20px !important;padding-left: 20px !important;}&#8221;]\n<h3 style=\"font-size: 38px; margin-bottom: 30px; display: block;\"><strong>\u201eTeatr jako realne narz\u0119dzie zmiany\u201d<\/strong><\/h3>\n<p>Festiwal reAKCJE powsta\u0142 z potrzeby stworzenia przestrzeni dla teatru \u017cywego, odwa\u017cnego i aktualnego. Przez pi\u0119\u0107 dni Teatr Uk\u0142ad Formalny wype\u0142ni\u0105 tw\u00f3rcze spotkania, dyskusje i dzia\u0142ania, kt\u00f3re odkrywaj\u0105 potencja\u0142 teatru jako narz\u0119dzia realnej zmiany. Festiwal reAKCJE zgromadzi tw\u00f3rc\u00f3w i tw\u00f3rczynie oraz publiczno\u015b\u0107 z ca\u0142ej Polski, by wsp\u00f3lnie poszukiwa\u0107 odpowiedzi na pytanie, jak teatr mo\u017ce odpowiada\u0107 na najwa\u017cniejsze wyzwania wsp\u00f3\u0142czesno\u015bci.<\/p>\n[\/vc_column_text][\/vc_column_inner][vc_column_inner width=&#8221;1\/2&#8243;][vc_raw_html css=&#8221;.vc_custom_1761921136518{margin-bottom: 0px !important;}&#8221;]JTNDaWZyYW1lJTIwc3R5bGUlM0QlMjJ3aWR0aCUzQSUyMDEwMCUyNSUzQmFzcGVjdC1yYXRpbyUzQSUyMDE2JTJGOSUzQiUyMiUyMHNyYyUzRCUyMmh0dHBzJTNBJTJGJTJGd3d3LnlvdXR1YmUuY29tJTJGZW1iZWQlMkZrTTBvNEJ1d0JWMCUzRnNpJTNEZ3pqSjNqY21RNC1wX1RUQiUyMiUyMHRpdGxlJTNEJTIyWW91VHViZSUyMHZpZGVvJTIwcGxheWVyJTIyJTIwZnJhbWVib3JkZXIlM0QlMjIwJTIyJTIwYWxsb3clM0QlMjJhY2NlbGVyb21ldGVyJTNCJTIwYXV0b3BsYXklM0IlMjBjbGlwYm9hcmQtd3JpdGUlM0IlMjBlbmNyeXB0ZWQtbWVkaWElM0IlMjBneXJvc2NvcGUlM0IlMjBwaWN0dXJlLWluLXBpY3R1cmUlM0IlMjB3ZWItc2hhcmUlMjIlMjByZWZlcnJlcnBvbGljeSUzRCUyMnN0cmljdC1vcmlnaW4td2hlbi1jcm9zcy1vcmlnaW4lMjIlMjBhbGxvd2Z1bGxzY3JlZW4lM0UlM0MlMkZpZnJhbWUlM0U=[\/vc_raw_html][\/vc_column_inner][\/vc_row_inner][vc_column_text el_class=&#8221;white-text&#8221; css=&#8221;.vc_custom_1762527768372{padding-top: 20px !important;padding-right: 40px !important;padding-bottom: 20px !important;padding-left: 40px !important;}&#8221;]Tegoroczny program festiwalu koncentruje si\u0119 na aktualnych tematach spo\u0142ecznych i kulturowych \u2013 od kryzys\u00f3w wsp\u00f3lnotowo\u015bci, przez wykluczenie i nier\u00f3wno\u015bci, a\u017c po nowe formy lokalnej wsp\u00f3\u0142pracy. <span style=\"font-weight: 400;\">Publiczno\u015b\u0107 b\u0119dzie mog\u0142a wzi\u0105\u0107 udzia\u0142 w spektaklach prezentowanych przez teatry z ca\u0142ej Polski, rozmowach z tw\u00f3rcami i tw\u00f3rczyniami oraz koncertach.\u00a0<\/span>[\/vc_column_text][\/vc_column][\/vc_row][vc_row css=&#8221;.vc_custom_1761216064158{padding-top: 30px !important;padding-bottom: 30px !important;}&#8221; el_id=&#8221;warto-wiedziec&#8221;][vc_column][vc_row_inner content_placement=&#8221;middle&#8221; css=&#8221;.vc_custom_1761300390024{margin-top: 60px !important;padding-top: 0px !important;padding-right: 15px !important;padding-bottom: 0px !important;padding-left: 15px !important;}&#8221;][vc_column_inner width=&#8221;1\/2&#8243;][vc_column_text el_class=&#8221;white-text&#8221; css=&#8221;.vc_custom_1761213223367{padding-top: 20px !important;padding-right: 20px !important;padding-bottom: 20px !important;padding-left: 20px !important;}&#8221;]\n<h2>Warto wiedzie\u0107<\/h2>\n[\/vc_column_text][vc_single_image image=&#8221;360&#8243; img_size=&#8221;350&#215;273&#8243; alignment=&#8221;center&#8221; css=&#8221;.vc_custom_1761297463754{margin-bottom: 0px !important;padding-top: 40px !important;padding-right: 40px !important;padding-bottom: 40px !important;padding-left: 40px !important;}&#8221;][\/vc_column_inner][vc_column_inner width=&#8221;1\/2&#8243; css=&#8221;.vc_custom_1761300377344{padding-top: 20px !important;padding-right: 20px !important;padding-bottom: 20px !important;padding-left: 20px !important;background-color: #c73529 !important;}&#8221;][vc_column_text el_class=&#8221;white-text&#8221; css=&#8221;.vc_custom_1762348453489{padding-top: 0px !important;padding-right: 0px !important;padding-bottom: 0px !important;padding-left: 0px !important;background-color: #c73529 !important;}&#8221;]\n<h3>Informacje organizacyjne<\/h3>\n<p>Nasza widownia jest przystosowana dla os\u00f3b poruszaj\u0105cych si\u0119 na w\u00f3zkach. Natomiast budynek Centrum na Przedmie\u015bciu jest przystosowany dla os\u00f3b z niepe\u0142nosprawno\u015bciami.<br \/>\nToaleta dla niepe\u0142nosprawnych znajduje si\u0119 na parterze po lewej stronie od g\u0142\u00f3wnego wej\u015bcia.<\/p>\n<p>Dla os\u00f3b poruszaj\u0105cych si\u0119 na w\u00f3zkach dost\u0119pny jest ca\u0142y budynek. W budynku znajduje si\u0119 winda.<br \/>\nDo budynku i wszystkich jego pomieszcze\u0144 mo\u017cna wej\u015b\u0107 z psem asystuj\u0105cym i psem przewodnikiem.[\/vc_column_text][vc_column_text el_class=&#8221;white-text&#8221; css=&#8221;.vc_custom_1761297261918{padding-top: 0px !important;padding-right: 0px !important;padding-bottom: 0px !important;padding-left: 0px !important;background-color: #c73529 !important;}&#8221;]\n<h3>Download<\/h3>\n[\/vc_column_text][vc_btn title=&#8221;&gt; Regulamin&#8221; link=&#8221;url:https%3A%2F%2Fukladformalny.pl%2Ffestiwal-reakcje%2Fwp-content%2Fuploads%2F2025%2F10%2FRegulamin-festiwalu.pdf|target:_blank&#8221;][vc_empty_space height=&#8221;10px&#8221;][vc_btn title=&#8221;&gt; Katalog cyfrowy&#8221; link=&#8221;url:https%3A%2F%2Fukladformalny.pl%2Ffestiwal-reakcje%2Fwp-content%2Fuploads%2F2025%2F11%2Fprogram-.pdf&#8221;][\/vc_column_inner][\/vc_row_inner][vc_column_text el_class=&#8221;white-text&#8221; css=&#8221;.vc_custom_1761204908909{margin-top: 40px !important;margin-bottom: 20px !important;padding-top: 20px !important;padding-right: 20px !important;padding-bottom: 20px !important;padding-left: 20px !important;}&#8221;]\n<h2>Informacje<\/h2>\n[\/vc_column_text][vc_row_inner css=&#8221;.vc_custom_1761300436896{margin-top: 0px !important;padding-top: 0px !important;padding-right: 15px !important;padding-bottom: 0px !important;padding-left: 15px !important;}&#8221;][vc_column_inner width=&#8221;1\/3&#8243; css=&#8221;.vc_custom_1761204713140{padding-top: 20px !important;padding-right: 20px !important;padding-bottom: 20px !important;padding-left: 20px !important;}&#8221;][vc_column_text el_class=&#8221;white-text&#8221; css=&#8221;.vc_custom_1761204779714{margin-bottom: 0px !important;padding-top: 0px !important;padding-right: 0px !important;padding-bottom: 0px !important;padding-left: 0px !important;}&#8221;]\n<h3>kontakt:<\/h3>\n<p>produkcja festiwalu: <a href=\"mailto:barbara.scheffler@uklad.formalny.pl\">barbara.scheffler@ukladformalny.pl<\/a><br \/>\n796 232 666<br \/>\nkontakt dla medi\u00f3w: <a href=\"mailto:natalia.byrska@ukladformalny.pl\">natalia.byrska@ukladformalny.pl<\/a><br \/>\n690 553 425[\/vc_column_text][\/vc_column_inner][vc_column_inner width=&#8221;2\/3&#8243; css=&#8221;.vc_custom_1761204138877{padding-top: 20px !important;padding-right: 20px !important;padding-bottom: 20px !important;padding-left: 20px !important;background-color: #c73529 !important;}&#8221;][vc_column_text el_class=&#8221;white-text&#8221; css=&#8221;.vc_custom_1762348301974{margin-bottom: 0px !important;padding-top: 0px !important;padding-right: 0px !important;padding-bottom: 0px !important;padding-left: 0px !important;background-color: #c73529 !important;}&#8221;]\n<h3>Centrum na Przedmie\u015bciu &#8211; g\u0142\u00f3wny obiekt festiwalu<\/h3>\n<h5>adres: Centrum na Przedmie\u015bciu, ul. Pr\u0105dzy\u0144skiego 39A<\/h5>\n<h3><\/h3>\n<p>&nbsp;<\/p>\n<h3>Klub festiwalowy: House T\u0119czowa<\/h3>\n<h5>adres: T\u0119czowa 79\/81<\/h5>\n<h3><\/h3>\n<p>&nbsp;<\/p>\n<h3>Mapa obiekt\u00f3w festiwalowych:<\/h3>\n[\/vc_column_text][\/vc_column_inner][\/vc_row_inner][\/vc_column][\/vc_row][vc_row css=&#8221;.vc_custom_1761216113486{padding-top: 30px !important;padding-bottom: 30px !important;}&#8221; el_id=&#8221;przyjaciele&#8221;][vc_column][vc_column_text el_class=&#8221;white-text&#8221; css=&#8221;.vc_custom_1763602067319{margin-top: 80px !important;margin-bottom: 0px !important;padding-top: 0px !important;padding-right: 0px !important;padding-bottom: 0px !important;padding-left: 0px !important;}&#8221;]\n<h6 style=\"text-align: center;\">Festiwal &#8222;reAKCJE&#8221; realizowany jest w ramach przedsi\u0119wzi\u0119cia &#8222;Trzeci Sektor Teatru \u2013 festiwal, gie\u0142da i podcast wspieraj\u0105ce odporno\u015b\u0107 teatru niezale\u017cnego poprzez partnerstwa, cyfryzacj\u0119 i rozw\u00f3j kompetencji&#8221;, dofinansowanego ramach konkursu: KPO. GRANTY 2025. A2.5.1: Program wspierania dzia\u0142alno\u015bci podmiot\u00f3w sektora kultury i przemys\u0142\u00f3w kreatywnych na rzecz stymulowania ich rozwoju. KPO dla Kultury. Przyznana kwota dotacji: 196 800,00 z\u0142<\/h6>\n[\/vc_column_text][vc_single_image image=&#8221;403&#8243; img_size=&#8221;full&#8221; css=&#8221;.vc_custom_1761212270170{margin-top: 20px !important;}&#8221;][vc_column_text el_class=&#8221;white-text&#8221; css=&#8221;.vc_custom_1761213275555{margin-top: 60px !important;padding-top: 20px !important;padding-right: 20px !important;padding-bottom: 20px !important;padding-left: 20px !important;}&#8221;]\n<h2 style=\"text-align: center;\">Przyjaciele festiwalu<\/h2>\n<h6 style=\"text-align: center;\">Festiwal teatralny reAKCJE nie by\u0142yby mo\u017cliwy bez hojnego wsparcia naszych sponsor\u00f3w, fundator\u00f3w i partner\u00f3w. Dziekujemy!<\/h6>\n[\/vc_column_text][vc_row_inner el_class=&#8221;przyjaciele desctop-show&#8221; css=&#8221;.vc_custom_1761300155973{margin-right: 10px !important;margin-left: 10px !important;}&#8221;][vc_column_inner width=&#8221;1\/3&#8243;][vc_single_image image=&#8221;398&#8243; img_size=&#8221;full&#8221; alignment=&#8221;center&#8221; onclick=&#8221;custom_link&#8221; img_link_target=&#8221;_blank&#8221; link=&#8221;https:\/\/wroclaw.instytut.drirenaeris.com\/&#8221; css=&#8221;.vc_custom_1761299642014{padding-top: 20px !important;padding-right: 20px !important;padding-bottom: 20px !important;padding-left: 20px !important;background-color: #c73529 !important;}&#8221;][\/vc_column_inner][vc_column_inner width=&#8221;1\/3&#8243;][vc_single_image image=&#8221;399&#8243; img_size=&#8221;full&#8221; alignment=&#8221;center&#8221; onclick=&#8221;custom_link&#8221; img_link_target=&#8221;_blank&#8221; link=&#8221;https:\/\/moico.pl\/&#8221; css=&#8221;.vc_custom_1761299655506{padding-top: 20px !important;padding-right: 20px !important;padding-bottom: 20px !important;padding-left: 20px !important;background-color: #c73529 !important;}&#8221;][\/vc_column_inner][vc_column_inner width=&#8221;1\/3&#8243;][vc_single_image image=&#8221;636&#8243; img_size=&#8221;large&#8221; alignment=&#8221;center&#8221; onclick=&#8221;custom_link&#8221; img_link_target=&#8221;_blank&#8221; link=&#8221;http:\/\/www.zakladmagazyn.pl\/&#8221; css=&#8221;.vc_custom_1762261429716{padding-top: 15px !important;padding-right: 20px !important;padding-bottom: 5px !important;padding-left: 20px !important;background-color: #c73529 !important;}&#8221;][\/vc_column_inner][\/vc_row_inner][vc_row_inner el_class=&#8221;przyjaciele desctop-show&#8221; css=&#8221;.vc_custom_1761300148752{margin-right: 10px !important;margin-left: 10px !important;}&#8221;][vc_column_inner el_class=&#8221;fix-images&#8221; width=&#8221;1\/6&#8243; css=&#8221;.vc_custom_1761299862778{padding-top: 0px !important;padding-right: 0px !important;padding-bottom: 0px !important;padding-left: 0px !important;}&#8221;][\/vc_column_inner][vc_column_inner width=&#8221;1\/3&#8243;][vc_single_image image=&#8221;397&#8243; img_size=&#8221;full&#8221; alignment=&#8221;center&#8221; onclick=&#8221;custom_link&#8221; img_link_target=&#8221;_blank&#8221; link=&#8221;https:\/\/radioram.pl\/&#8221; css=&#8221;.vc_custom_1761299660966{padding-top: 20px !important;padding-right: 20px !important;padding-bottom: 20px !important;padding-left: 20px !important;background-color: #c73529 !important;}&#8221;][\/vc_column_inner][vc_column_inner width=&#8221;1\/3&#8243;][vc_single_image image=&#8221;401&#8243; img_size=&#8221;full&#8221; alignment=&#8221;center&#8221; onclick=&#8221;custom_link&#8221; img_link_target=&#8221;_blank&#8221; link=&#8221;https:\/\/wroclawcityapartments.pl\/&#8221; css=&#8221;.vc_custom_1761299666629{padding-top: 20px !important;padding-right: 20px !important;padding-bottom: 20px !important;padding-left: 20px !important;background-color: #c73529 !important;}&#8221;][\/vc_column_inner][vc_column_inner width=&#8221;1\/6&#8243;][\/vc_column_inner][\/vc_row_inner][vc_row_inner el_class=&#8221;przyjaciele desctop-show&#8221; css=&#8221;.vc_custom_1761300152176{margin-right: 10px !important;margin-left: 10px !important;}&#8221;][vc_column_inner el_class=&#8221;fix-images&#8221; width=&#8221;1\/3&#8243; css=&#8221;.vc_custom_1761299862778{padding-top: 0px !important;padding-right: 0px !important;padding-bottom: 0px !important;padding-left: 0px !important;}&#8221;][\/vc_column_inner][vc_column_inner width=&#8221;1\/6&#8243;][vc_single_image image=&#8221;630&#8243; img_size=&#8221;full&#8221; alignment=&#8221;center&#8221; onclick=&#8221;custom_link&#8221; img_link_target=&#8221;_blank&#8221; link=&#8221;http:\/\/www.customneon.pl&#8221; css=&#8221;.vc_custom_1762255985466{padding-top: 20px !important;padding-right: 20px !important;padding-bottom: 20px !important;padding-left: 20px !important;background-color: #c73529 !important;}&#8221;][\/vc_column_inner][vc_column_inner width=&#8221;1\/6&#8243;][vc_single_image image=&#8221;402&#8243; img_size=&#8221;full&#8221; alignment=&#8221;center&#8221; onclick=&#8221;custom_link&#8221; img_link_target=&#8221;_blank&#8221; link=&#8221;https:\/\/teczowa.house\/&#8221; css=&#8221;.vc_custom_1761299956331{padding-top: 20px !important;padding-right: 20px !important;padding-bottom: 20px !important;padding-left: 20px !important;background-color: #c73529 !important;}&#8221;][\/vc_column_inner][vc_column_inner width=&#8221;1\/3&#8243;][\/vc_column_inner][\/vc_row_inner][vc_row_inner el_class=&#8221;przyjaciele mobile-show&#8221; css=&#8221;.vc_custom_1761300123507{margin-right: 10px !important;margin-left: 10px !important;}&#8221;][vc_column_inner el_class=&#8221;fix-images&#8221; css=&#8221;.vc_custom_1761299862778{padding-top: 0px !important;padding-right: 0px !important;padding-bottom: 0px !important;padding-left: 0px !important;}&#8221;][vc_single_image image=&#8221;398&#8243; img_size=&#8221;full&#8221; alignment=&#8221;center&#8221; onclick=&#8221;custom_link&#8221; img_link_target=&#8221;_blank&#8221; link=&#8221;https:\/\/wroclaw.instytut.drirenaeris.com\/&#8221; css=&#8221;.vc_custom_1761299642014{padding-top: 20px !important;padding-right: 20px !important;padding-bottom: 20px !important;padding-left: 20px !important;background-color: #c73529 !important;}&#8221;][vc_single_image image=&#8221;399&#8243; img_size=&#8221;full&#8221; alignment=&#8221;center&#8221; onclick=&#8221;custom_link&#8221; img_link_target=&#8221;_blank&#8221; link=&#8221;https:\/\/moico.pl\/&#8221; css=&#8221;.vc_custom_1761299655506{padding-top: 20px !important;padding-right: 20px !important;padding-bottom: 20px !important;padding-left: 20px !important;background-color: #c73529 !important;}&#8221;][vc_single_image image=&#8221;636&#8243; img_size=&#8221;full&#8221; alignment=&#8221;center&#8221; onclick=&#8221;custom_link&#8221; img_link_target=&#8221;_blank&#8221; link=&#8221;http:\/\/www.zakladmagazyn.pl\/&#8221; css=&#8221;.vc_custom_1762266099354{padding-top: 15px !important;padding-right: 20px !important;padding-bottom: 10px !important;padding-left: 20px !important;background-color: #c73529 !important;}&#8221;][vc_single_image image=&#8221;397&#8243; img_size=&#8221;full&#8221; alignment=&#8221;center&#8221; onclick=&#8221;custom_link&#8221; img_link_target=&#8221;_blank&#8221; link=&#8221;https:\/\/radioram.pl\/&#8221; css=&#8221;.vc_custom_1761299660966{padding-top: 20px !important;padding-right: 20px !important;padding-bottom: 20px !important;padding-left: 20px !important;background-color: #c73529 !important;}&#8221;][vc_single_image image=&#8221;401&#8243; img_size=&#8221;full&#8221; alignment=&#8221;center&#8221; onclick=&#8221;custom_link&#8221; img_link_target=&#8221;_blank&#8221; link=&#8221;https:\/\/wroclawcityapartments.pl\/&#8221; css=&#8221;.vc_custom_1761299666629{padding-top: 20px !important;padding-right: 20px !important;padding-bottom: 20px !important;padding-left: 20px !important;background-color: #c73529 !important;}&#8221;][vc_single_image image=&#8221;402&#8243; img_size=&#8221;full&#8221; alignment=&#8221;center&#8221; onclick=&#8221;custom_link&#8221; img_link_target=&#8221;_blank&#8221; link=&#8221;https:\/\/teczowa.house\/&#8221; css=&#8221;.vc_custom_1761299956331{padding-top: 20px !important;padding-right: 20px !important;padding-bottom: 20px !important;padding-left: 20px !important;background-color: #c73529 !important;}&#8221;][vc_single_image image=&#8221;630&#8243; img_size=&#8221;full&#8221; alignment=&#8221;center&#8221; onclick=&#8221;custom_link&#8221; img_link_target=&#8221;_blank&#8221; link=&#8221;http:\/\/www.customneon.pl&#8221; css=&#8221;.vc_custom_1762256105083{padding-top: 20px !important;padding-right: 20px !important;padding-bottom: 20px !important;padding-left: 20px !important;background-color: #c73529 !important;}&#8221;][\/vc_column_inner][\/vc_row_inner][vc_column_text el_class=&#8221;white-text&#8221; css=&#8221;.vc_custom_1761213250728{margin-top: 60px !important;padding-top: 20px !important;padding-right: 20px !important;padding-bottom: 20px !important;padding-left: 20px !important;}&#8221;]\n<h2 style=\"text-align: center;\">Informacje o dost\u0119pno\u015bci:<\/h2>\n[\/vc_column_text][vc_row_inner equal_height=&#8221;yes&#8221;][vc_column_inner width=&#8221;1\/5&#8243;][vc_single_image image=&#8221;416&#8243; img_size=&#8221;full&#8221; alignment=&#8221;center&#8221; el_class=&#8221;access access-1&#8243; css=&#8221;.vc_custom_1761217500364{margin-bottom: 20px !important;}&#8221;][\/vc_column_inner][vc_column_inner width=&#8221;1\/5&#8243;][vc_single_image image=&#8221;417&#8243; img_size=&#8221;full&#8221; alignment=&#8221;center&#8221; el_class=&#8221;access access-2&#8243; css=&#8221;.vc_custom_1761217523427{margin-bottom: 20px !important;}&#8221;][\/vc_column_inner][vc_column_inner width=&#8221;3\/5&#8243;][vc_column_text el_class=&#8221;access-text white-text&#8221; css=&#8221;.vc_custom_1761213704462{margin-bottom: 0px !important;}&#8221;]\n<h4>WC<\/h4>\n<h6>Dost\u0119p do toalet przystosowanych dla os\u00f3b z niepe\u0142nosprawno\u015bciami zapewniony jest wy\u0142\u0105cznie w siedzibie teatru.<\/h6>\n[\/vc_column_text][\/vc_column_inner][\/vc_row_inner][\/vc_column][\/vc_row][vc_row css=&#8221;.vc_custom_1761216582432{padding-top: 0px !important;padding-bottom: 30px !important;}&#8221; el_id=&#8221;o-nas&#8221;][vc_column][vc_column_text el_class=&#8221;white-text&#8221; css=&#8221;.vc_custom_1761214001977{margin-top: 60px !important;padding-top: 20px !important;padding-right: 20px !important;padding-bottom: 20px !important;padding-left: 20px !important;}&#8221;]\n<h2 style=\"text-align: center;\">O Nas<\/h2>\n[\/vc_column_text][vc_column_text]    <div class=\"my-owl-slider owl-carousel\">\n                    <div class=\"item my-slide\">\n                <img decoding=\"async\" src=\"https:\/\/ukladformalny.pl\/festiwal-reakcje\/wp-content\/uploads\/2025\/10\/64D2B106-D5E6-48F8-8584-C86B0DC8E18B_1_105_c-692x1024.jpeg\" alt=\"Barbara Scheffler\">\n                <div class=\"my-slide-text\">\n                    <h3>Barbara Scheffler<\/h3>\n                                            <p>Kierowniczka produkcji<\/p>\n                                    <\/div>\n            <\/div>\n                    <div class=\"item my-slide\">\n                <img decoding=\"async\" src=\"https:\/\/ukladformalny.pl\/festiwal-reakcje\/wp-content\/uploads\/2025\/10\/C19AF1C5-9E49-45ED-B479-F25C5149FCB5-689x1024.jpeg\" alt=\"Paulina Miku\u015bkiewicz\">\n                <div class=\"my-slide-text\">\n                    <h3>Paulina Miku\u015bkiewicz<\/h3>\n                                            <p>Producentka<\/p>\n                                    <\/div>\n            <\/div>\n                    <div class=\"item my-slide\">\n                <img decoding=\"async\" src=\"https:\/\/ukladformalny.pl\/festiwal-reakcje\/wp-content\/uploads\/2025\/10\/C37B89D7-B79C-445E-A16E-60C911C21600-689x1024.jpeg\" alt=\"Alicja Czerniewicz\">\n                <div class=\"my-slide-text\">\n                    <h3>Alicja Czerniewicz<\/h3>\n                                            <p>Producentka\n<\/p>\n                                    <\/div>\n            <\/div>\n                    <div class=\"item my-slide\">\n                <img decoding=\"async\" src=\"https:\/\/ukladformalny.pl\/festiwal-reakcje\/wp-content\/uploads\/2025\/10\/F36821CB-1411-40F0-940C-61AE3D6D0A7B-689x1024.jpeg\" alt=\"Natalia Byrska\">\n                <div class=\"my-slide-text\">\n                    <h3>Natalia Byrska<\/h3>\n                                            <p>Kierowniczka ds. marketingu i rozwoju<\/p>\n                                    <\/div>\n            <\/div>\n                    <div class=\"item my-slide\">\n                <img decoding=\"async\" src=\"https:\/\/ukladformalny.pl\/festiwal-reakcje\/wp-content\/uploads\/2025\/10\/20779465-7CF7-43F8-9397-BEF742055881-689x1024.jpeg\" alt=\"Judyta Madeyska\">\n                <div class=\"my-slide-text\">\n                    <h3>Judyta Madeyska<\/h3>\n                                            <p>Specjalistka ds. contentu<\/p>\n                                    <\/div>\n            <\/div>\n                    <div class=\"item my-slide\">\n                <img decoding=\"async\" src=\"https:\/\/ukladformalny.pl\/festiwal-reakcje\/wp-content\/uploads\/2025\/10\/E1AA9A9D-1FBD-4E77-9B48-7D22F7B57E14-689x1024.jpeg\" alt=\"Maciej Rabski\">\n                <div class=\"my-slide-text\">\n                    <h3>Maciej Rabski<\/h3>\n                                            <p>Koncepcja i projekt graficzny festiwalu<\/p>\n                                    <\/div>\n            <\/div>\n                    <div class=\"item my-slide\">\n                <img decoding=\"async\" src=\"https:\/\/ukladformalny.pl\/festiwal-reakcje\/wp-content\/uploads\/2025\/10\/01F9BA64-533C-47A0-977E-84B82F82F22F_1_105_c-676x1024.jpeg\" alt=\"Kacper Scheffler\">\n                <div class=\"my-slide-text\">\n                    <h3>Kacper Scheffler<\/h3>\n                                            <p>Kierownik techniczny<\/p>\n                                    <\/div>\n            <\/div>\n                    <div class=\"item my-slide\">\n                <img decoding=\"async\" src=\"https:\/\/ukladformalny.pl\/festiwal-reakcje\/wp-content\/uploads\/2025\/10\/996B2FA5-F0E7-44C7-803B-596B927A4B4F-689x1024.jpeg\" alt=\"Wiktor Grzegorzewski\">\n                <div class=\"my-slide-text\">\n                    <h3>Wiktor Grzegorzewski<\/h3>\n                                            <p>Realizator D\u017awi\u0119ku <\/p>\n                                    <\/div>\n            <\/div>\n            <\/div>\n\n    <script>\n    jQuery(document).ready(function($){\n        $('.my-owl-slider').owlCarousel({\n            loop:true,\n            margin:15,\n            nav:true,\n            dots:false,\n            autoplay:true,\n            autoplayTimeout:5000,\n            autoplayHoverPause:true,\n            responsive:{\n            \t0:{ items:1 },\n                768:{ items:1 },\n                1024:{ items:3 }\n            }\n        });\n    });\n    <\/script>\n\n    [\/vc_column_text][\/vc_column][\/vc_row]\n","protected":false},"excerpt":{"rendered":"<p>[vc_row full_width=&#8221;stretch_row_content_no_spaces&#8221; full_height=&#8221;yes&#8221; columns_placement=&#8221;top&#8221; equal_height=&#8221;yes&#8221; css=&#8221;.vc_custom_1761924021456{margin-top: 0px !important;margin-right: 0px !important;margin-bottom: 0px !important;margin-left: 0px !important;padding-top: 0px !important;padding-right: 0px !important;padding-bottom: 0px !important;padding-left: 0px !important;background-image: url(https:\/\/ukladformalny.pl\/festiwal-reakcje\/wp-content\/uploads\/2025\/10\/Baner-Header.jpg?id=105) !important;background-position: center !important;background-repeat: no-repeat !important;background-size: cover !important;}&#8221; el_class=&#8221;main-video&#8221;][vc_column css=&#8221;.vc_custom_1761923807938{margin-top: 0px !important;margin-right: 0px !important;margin-bottom: 0px !important;margin-left: 0px !important;padding-top: 0px !important;padding-right: 0px !important;padding-bottom: 0px !important;padding-left: 0px !important;}&#8221;][vc_raw_html css=&#8221;.vc_custom_1761924550585{margin-bottom: 0px !important;}&#8221;]JTNDaWZyYW1lJTBBJTIwJTIwc3JjJTNEJTIyaHR0cHMlM0ElMkYlMkZ3d3cueW91dHViZS5jb20lMkZlbWJlZCUyRmtNMG80QnV3QlYwJTNGYXV0b3BsYXklM0QxJTI2bXV0ZSUzRDElMjZsb29wJTNEMSUyNnBsYXlsaXN0JTNEa00wbzRCdXdCVjAlMjZjb250cm9scyUzRDAlMjZzaG93aW5mbyUzRDAlMjZtb2Rlc3RicmFuZGluZyUzRDElMjZyZWwlM0QwJTI2ZGlzYWJsZWtiJTNEMSUyNmZzJTNEMCUyMiUwQSUyMCUyMHRpdGxlJTNEJTIyWW91VHViZSUyMHZpZGVvJTIwYmFja2dyb3VuZCUyMiUwQSUyMCUyMGZyYW1lYm9yZGVyJTNEJTIyMCUyMiUwQSUyMCUyMGFsbG93JTNEJTIyYXV0b3BsYXklM0IlMjBlbmNyeXB0ZWQtbWVkaWElMjIlMEElMjAlMjBhbGxvd2Z1bGxzY3JlZW4lM0UlMEElM0MlMkZpZnJhbWUlM0U=[\/vc_raw_html][vc_column_text css=&#8221;.vc_custom_1761927291774{margin-bottom: -20px !important;}&#8221; el_class=&#8221;z-100&#8243;][\/vc_column_text][\/vc_column][\/vc_row][vc_row css=&#8221;.vc_custom_1761215956921{padding-top: 30px !important;padding-bottom: 30px !important;}&#8221; [&hellip;]<\/p>\n","protected":false},"author":1,"featured_media":0,"parent":0,"menu_order":0,"comment_status":"closed","ping_status":"closed","template":"","meta":{"inline_featured_image":false,"footnotes":""},"class_list":["post-9","page","type-page","status-publish","hentry"],"_links":{"self":[{"href":"https:\/\/ukladformalny.pl\/festiwal-reakcje\/wp-json\/wp\/v2\/pages\/9","targetHints":{"allow":["GET"]}}],"collection":[{"href":"https:\/\/ukladformalny.pl\/festiwal-reakcje\/wp-json\/wp\/v2\/pages"}],"about":[{"href":"https:\/\/ukladformalny.pl\/festiwal-reakcje\/wp-json\/wp\/v2\/types\/page"}],"author":[{"embeddable":true,"href":"https:\/\/ukladformalny.pl\/festiwal-reakcje\/wp-json\/wp\/v2\/users\/1"}],"replies":[{"embeddable":true,"href":"https:\/\/ukladformalny.pl\/festiwal-reakcje\/wp-json\/wp\/v2\/comments?post=9"}],"version-history":[{"count":162,"href":"https:\/\/ukladformalny.pl\/festiwal-reakcje\/wp-json\/wp\/v2\/pages\/9\/revisions"}],"predecessor-version":[{"id":715,"href":"https:\/\/ukladformalny.pl\/festiwal-reakcje\/wp-json\/wp\/v2\/pages\/9\/revisions\/715"}],"wp:attachment":[{"href":"https:\/\/ukladformalny.pl\/festiwal-reakcje\/wp-json\/wp\/v2\/media?parent=9"}],"curies":[{"name":"wp","href":"https:\/\/api.w.org\/{rel}","templated":true}]}}